{"id":41,"date":"2014-02-06T19:23:14","date_gmt":"2014-02-06T18:23:14","guid":{"rendered":"http:\/\/art-office.at\/em\/?page_id=41"},"modified":"2017-10-21T18:07:32","modified_gmt":"2017-10-21T17:07:32","slug":"ueber-mich","status":"publish","type":"page","link":"https:\/\/art-office.at\/em\/?page_id=41","title":{"rendered":"\u00dcber mich"},"content":{"rendered":"<p><img loading=\"lazy\" decoding=\"async\" class=\"size-full wp-image-169 aligncenter\" src=\"http:\/\/art-office.at\/em\/wp-content\/uploads\/2014\/02\/art.png\" alt=\"art\" width=\"100\" height=\"50\" \/><\/p>\n<p>K\u00fcnstlerisch aktiv bin ich seit meiner Kindheit. 1989 begann ich jedoch aktiv mit dem Anfertigen von Kunstgegenst\u00e4nden.<\/p>\n<p><img loading=\"lazy\" decoding=\"async\" class=\"size-full wp-image-170 aligncenter\" src=\"http:\/\/art-office.at\/em\/wp-content\/uploads\/2014\/02\/office.png\" alt=\"\" width=\"100\" height=\"50\" \/>\u00dcber 25 Jahre war ich als Assistenz der Gesch\u00e4ftsleitung und im BackOffice in verschiedenen Branchen t\u00e4tig.<\/p>\n<ul>\n<li>Versicherungsbranche<\/li>\n<li>div. Mittelbetriebe<\/li>\n<li>Rechtsanwaltskanzlei<\/li>\n<li>Architekturb\u00fcro<\/li>\n<\/ul>\n<p>Durch Weiterbildungen bin ich mit den aktuellen Standards vertraut.<\/p>\n<p>Nun freue ich mich, meine langj\u00e4hrige Berufserfahrung und kreative Leidenschaft seit dem Jahr 2014 vereint als\u00a0Firma\u00a0<img loading=\"lazy\" decoding=\"async\" class=\"size-full wp-image-42 aligncenter\" src=\"http:\/\/art-office.at\/em\/wp-content\/uploads\/2014\/02\/artoffice.png\" alt=\"artoffice\" width=\"215\" height=\"52\" \/><\/p>\n<p>anbieten zu k\u00f6nnen.<\/p>\n<p style=\"text-align: left;\">Die W\u00fcnsche und Bed\u00fcrfnisse\u00a0meiner Kunden zu erf\u00fcllen, meine Talente einzusetzen und gro\u00dfe Freude daraus zu sch\u00f6pfen, sehe ich als pers\u00f6nlichen Gewinn.<\/p>\n<p>&nbsp;<\/p>\n<blockquote>\n<p align=\"right\"><span style=\"color: #f39400;\">\u00a0<\/span><\/p>\n<\/blockquote>\n<p>&nbsp;<\/p>\n<p>&nbsp;<\/p>\n<p>&nbsp;<\/p>\n","protected":false},"excerpt":{"rendered":"<p>K\u00fcnstlerisch aktiv bin ich seit meiner Kindheit. 1989 begann ich jedoch aktiv mit dem Anfertigen von Kunstgegenst\u00e4nden. \u00dcber 25 Jahre war ich als Assistenz der Gesch\u00e4ftsleitung und im BackOffice in verschiedenen Branchen t\u00e4tig. Versicherungsbranche div. Mittelbetriebe Rechtsanwaltskanzlei Architekturb\u00fcro Durch Weiterbildungen &hellip; <a href=\"https:\/\/art-office.at\/em\/?page_id=41\">Weiterlesen <span class=\"meta-nav\">&rarr;<\/span><\/a><\/p>\n","protected":false},"author":1,"featured_media":0,"parent":0,"menu_order":4,"comment_status":"closed","ping_status":"closed","template":"","meta":{"footnotes":""},"class_list":["post-41","page","type-page","status-publish","hentry"],"_links":{"self":[{"href":"https:\/\/art-office.at\/em\/index.php?rest_route=\/wp\/v2\/pages\/41","targetHints":{"allow":["GET"]}}],"collection":[{"href":"https:\/\/art-office.at\/em\/index.php?rest_route=\/wp\/v2\/pages"}],"about":[{"href":"https:\/\/art-office.at\/em\/index.php?rest_route=\/wp\/v2\/types\/page"}],"author":[{"embeddable":true,"href":"https:\/\/art-office.at\/em\/index.php?rest_route=\/wp\/v2\/users\/1"}],"replies":[{"embeddable":true,"href":"https:\/\/art-office.at\/em\/index.php?rest_route=%2Fwp%2Fv2%2Fcomments&post=41"}],"version-history":[{"count":22,"href":"https:\/\/art-office.at\/em\/index.php?rest_route=\/wp\/v2\/pages\/41\/revisions"}],"predecessor-version":[{"id":877,"href":"https:\/\/art-office.at\/em\/index.php?rest_route=\/wp\/v2\/pages\/41\/revisions\/877"}],"wp:attachment":[{"href":"https:\/\/art-office.at\/em\/index.php?rest_route=%2Fwp%2Fv2%2Fmedia&parent=41"}],"curies":[{"name":"wp","href":"https:\/\/api.w.org\/{rel}","templated":true}]}}